{"id":1028,"date":"2024-12-07T10:49:35","date_gmt":"2024-12-07T10:49:35","guid":{"rendered":"https:\/\/studio-aspeqt.com\/homepage\/"},"modified":"2025-07-17T08:03:11","modified_gmt":"2025-07-17T08:03:11","slug":"homepage","status":"publish","type":"page","link":"https:\/\/studio-aspeqt.com\/en","title":{"rendered":"Homepage"},"content":{"rendered":"\n\n\t<h2><a href=\"https:\/\/studio-aspeqt.com\/archives\/191\">Featured<\/a><br \/>\n&#8220;Stara \u010car\u0161ija&#8221;<br \/>\nResidential Hospitality<br \/>\nCommercial Interiors&#8221;<\/h2>\n\t<meta itemscope itemprop=\"mainEntityOfPage\" itemtype=\"https:\/\/schema.org\/WebPage\" itemid=\"http:\/\/1044\" content=\"Bijelo Polje, Children's Department\" \/><meta itemprop=\"datePublished\" content=\"2025-02-27\" \/><meta itemprop=\"dateModified\" content=\"2025-03-26\" \/><meta itemprop=\"name\" content=\"Studio Aspeqt\"\/><meta itemprop=\"url\" content=\"https:\/\/studio-aspeqt.com\/wp-content\/uploads\/2024\/12\/aspeqt_logo-01.png\"\/><meta itemprop=\"url\" content=\"https:\/\/studio-aspeqt.com\/en\/author\/admin123dsa123\/\" \/><meta itemprop=\"name\" content=\"admin123dsa123\" \/><meta itemprop=\"url\" content=\"https:\/\/studio-aspeqt.com\/wp-content\/uploads\/2025\/02\/01-Bolnica.jpg\" \/><meta itemprop=\"width\" content=\"1333\" \/><meta itemprop=\"height\" content=\"2000\" \/><meta itemprop=\"interactionType\" content=\"https:\/\/schema.org\/CommentAction\" \/><meta itemprop=\"userInteractionCount\" content=\"0\" \/>\t\n\t\t\t\t<a href=\"https:\/\/studio-aspeqt.com\/en\/archives\/1044\" title=\"Bijelo Polje, Children's Department\"><\/a>\n\t\t\t\t<h3 itemprop=\"headline\">\n\t\t\t<a href=\"https:\/\/studio-aspeqt.com\/en\/archives\/1044\" title=\"Bijelo Polje, Children's Department\">Bijelo Polje, Children&#8217;s Department<\/a>\n\t\t<\/h3>\n\t<meta itemscope itemprop=\"mainEntityOfPage\" itemtype=\"https:\/\/schema.org\/WebPage\" itemid=\"http:\/\/1047\" content=\"Hotel \u201eBistri\u010dka \u010car\u0161ija\"\" \/><meta itemprop=\"datePublished\" content=\"2025-02-27\" \/><meta itemprop=\"dateModified\" content=\"2025-03-26\" \/><meta itemprop=\"name\" content=\"Studio Aspeqt\"\/><meta itemprop=\"url\" content=\"https:\/\/studio-aspeqt.com\/wp-content\/uploads\/2024\/12\/aspeqt_logo-01.png\"\/><meta itemprop=\"url\" content=\"https:\/\/studio-aspeqt.com\/en\/author\/admin123dsa123\/\" \/><meta itemprop=\"name\" content=\"admin123dsa123\" \/><meta itemprop=\"url\" content=\"https:\/\/studio-aspeqt.com\/wp-content\/uploads\/2025\/02\/04-Bistrica_ext.jpg\" \/><meta itemprop=\"width\" content=\"2000\" \/><meta itemprop=\"height\" content=\"1333\" \/><meta itemprop=\"interactionType\" content=\"https:\/\/schema.org\/CommentAction\" \/><meta itemprop=\"userInteractionCount\" content=\"0\" \/>\t\n\t\t\t\t<a href=\"https:\/\/studio-aspeqt.com\/en\/archives\/1047\" title=\"Hotel \u201eBistri\u010dka \u010car\u0161ija\"\"><\/a>\n\t\t\t\t<h3 itemprop=\"headline\">\n\t\t\t<a href=\"https:\/\/studio-aspeqt.com\/en\/archives\/1047\" title=\"Hotel \u201eBistri\u010dka \u010car\u0161ija\"\">Hotel \u201eBistri\u010dka \u010car\u0161ija&#8221;<\/a>\n\t\t<\/h3>\n\t<meta itemscope itemprop=\"mainEntityOfPage\" itemtype=\"https:\/\/schema.org\/WebPage\" itemid=\"http:\/\/1051\" content=\"Modernization and Interior Design of Office Spaces in Bar, Montenegro\" \/><meta itemprop=\"datePublished\" content=\"2025-02-27\" \/><meta itemprop=\"dateModified\" content=\"2025-03-26\" \/><meta itemprop=\"name\" content=\"Studio Aspeqt\"\/><meta itemprop=\"url\" content=\"https:\/\/studio-aspeqt.com\/wp-content\/uploads\/2024\/12\/aspeqt_logo-01.png\"\/><meta itemprop=\"url\" content=\"https:\/\/studio-aspeqt.com\/en\/author\/admin123dsa123\/\" \/><meta itemprop=\"name\" content=\"admin123dsa123\" \/><meta itemprop=\"url\" content=\"https:\/\/studio-aspeqt.com\/wp-content\/uploads\/2025\/02\/08-kancelarija.jpg\" \/><meta itemprop=\"width\" content=\"2000\" \/><meta itemprop=\"height\" content=\"1461\" \/><meta itemprop=\"interactionType\" content=\"https:\/\/schema.org\/CommentAction\" \/><meta itemprop=\"userInteractionCount\" content=\"0\" \/>\t\n\t\t\t\t<a href=\"https:\/\/studio-aspeqt.com\/en\/archives\/1051\" title=\"Modernization and Interior Design of Office Spaces in Bar, Montenegro\"><\/a>\n\t\t\t\t<h3 itemprop=\"headline\">\n\t\t\t<a href=\"https:\/\/studio-aspeqt.com\/en\/archives\/1051\" title=\"Modernization and Interior Design of Office Spaces in Bar, Montenegro\">Modernization and Interior Design of Office Spaces in Bar, Montenegro<\/a>\n\t\t<\/h3>\n\t<meta itemscope itemprop=\"mainEntityOfPage\" itemtype=\"https:\/\/schema.org\/WebPage\" itemid=\"http:\/\/1054\" content=\"House E - Modern Transparency with a Mediterranean Spirit\" \/><meta itemprop=\"datePublished\" content=\"2025-02-27\" \/><meta itemprop=\"dateModified\" content=\"2025-03-26\" \/><meta itemprop=\"name\" content=\"Studio Aspeqt\"\/><meta itemprop=\"url\" content=\"https:\/\/studio-aspeqt.com\/wp-content\/uploads\/2024\/12\/aspeqt_logo-01.png\"\/><meta itemprop=\"url\" content=\"https:\/\/studio-aspeqt.com\/en\/author\/admin123dsa123\/\" \/><meta itemprop=\"name\" content=\"admin123dsa123\" \/><meta itemprop=\"url\" content=\"https:\/\/studio-aspeqt.com\/wp-content\/uploads\/2025\/02\/02-Porodicna-kuca.jpg\" \/><meta itemprop=\"width\" content=\"1455\" \/><meta itemprop=\"height\" content=\"2000\" \/><meta itemprop=\"interactionType\" content=\"https:\/\/schema.org\/CommentAction\" \/><meta itemprop=\"userInteractionCount\" content=\"0\" \/>\t\n\t\t\t\t<a href=\"https:\/\/studio-aspeqt.com\/en\/archives\/1054\" title=\"House E - Modern Transparency with a Mediterranean Spirit\"><\/a>\n\t\t\t\t<h3 itemprop=\"headline\">\n\t\t\t<a href=\"https:\/\/studio-aspeqt.com\/en\/archives\/1054\" title=\"House E - Modern Transparency with a Mediterranean Spirit\">House E &#8211; Modern Transparency with a Mediterranean Spirit<\/a>\n\t\t<\/h3>\n\t<meta itemscope itemprop=\"mainEntityOfPage\" itemtype=\"https:\/\/schema.org\/WebPage\" itemid=\"http:\/\/1059\" content=\"IvaPharm - a Modern Pharmacy with a Natural Atmosphere\" \/><meta itemprop=\"datePublished\" content=\"2025-02-09\" \/><meta itemprop=\"dateModified\" content=\"2025-03-26\" \/><meta itemprop=\"name\" content=\"Studio Aspeqt\"\/><meta itemprop=\"url\" content=\"https:\/\/studio-aspeqt.com\/wp-content\/uploads\/2024\/12\/aspeqt_logo-01.png\"\/><meta itemprop=\"url\" content=\"https:\/\/studio-aspeqt.com\/en\/author\/admin123dsa123\/\" \/><meta itemprop=\"name\" content=\"admin123dsa123\" \/><meta itemprop=\"url\" content=\"https:\/\/studio-aspeqt.com\/wp-content\/uploads\/2025\/02\/Apoteka_enterijer_Aspeqtstudio-2.jpg\" \/><meta itemprop=\"width\" content=\"2000\" \/><meta itemprop=\"height\" content=\"1333\" \/><meta itemprop=\"interactionType\" content=\"https:\/\/schema.org\/CommentAction\" \/><meta itemprop=\"userInteractionCount\" content=\"0\" \/>\t\n\t\t\t\t<a href=\"https:\/\/studio-aspeqt.com\/en\/archives\/1059\" title=\"IvaPharm - a Modern Pharmacy with a Natural Atmosphere\"><\/a>\n\t\t\t\t<h3 itemprop=\"headline\">\n\t\t\t<a href=\"https:\/\/studio-aspeqt.com\/en\/archives\/1059\" title=\"IvaPharm - a Modern Pharmacy with a Natural Atmosphere\">IvaPharm &#8211; a Modern Pharmacy with a Natural Atmosphere<\/a>\n\t\t<\/h3>\n\t<meta itemscope itemprop=\"mainEntityOfPage\" itemtype=\"https:\/\/schema.org\/WebPage\" itemid=\"http:\/\/1062\" content=\"MIH GmbH Business Building: Modern Workspaces Connected with Tradition\" \/><meta itemprop=\"datePublished\" content=\"2025-02-09\" \/><meta itemprop=\"dateModified\" content=\"2025-03-26\" \/><meta itemprop=\"name\" content=\"Studio Aspeqt\"\/><meta itemprop=\"url\" content=\"https:\/\/studio-aspeqt.com\/wp-content\/uploads\/2024\/12\/aspeqt_logo-01.png\"\/><meta itemprop=\"url\" content=\"https:\/\/studio-aspeqt.com\/en\/author\/admin123dsa123\/\" \/><meta itemprop=\"name\" content=\"admin123dsa123\" \/><meta itemprop=\"url\" content=\"https:\/\/studio-aspeqt.com\/wp-content\/uploads\/2025\/02\/DJI_0557-scaled.jpeg\" \/><meta itemprop=\"width\" content=\"2560\" \/><meta itemprop=\"height\" content=\"1439\" \/><meta itemprop=\"interactionType\" content=\"https:\/\/schema.org\/CommentAction\" \/><meta itemprop=\"userInteractionCount\" content=\"0\" \/>\t\n\t\t\t\t<a href=\"https:\/\/studio-aspeqt.com\/en\/archives\/1062\" title=\"MIH GmbH Business Building: Modern Workspaces Connected with Tradition\"><\/a>\n\t\t\t\t<h3 itemprop=\"headline\">\n\t\t\t<a href=\"https:\/\/studio-aspeqt.com\/en\/archives\/1062\" title=\"MIH GmbH Business Building: Modern Workspaces Connected with Tradition\">MIH GmbH Business Building: Modern Workspaces Connected with Tradition<\/a>\n\t\t<\/h3>\n\t<meta itemscope itemprop=\"mainEntityOfPage\" itemtype=\"https:\/\/schema.org\/WebPage\" itemid=\"http:\/\/1065\" content=\"Apart-hotel in Dobra Voda: Timeless Elegance on the Front Line by the Beach\" \/><meta itemprop=\"datePublished\" content=\"2025-02-09\" \/><meta itemprop=\"dateModified\" content=\"2025-03-26\" \/><meta itemprop=\"name\" content=\"Studio Aspeqt\"\/><meta itemprop=\"url\" content=\"https:\/\/studio-aspeqt.com\/wp-content\/uploads\/2024\/12\/aspeqt_logo-01.png\"\/><meta itemprop=\"url\" content=\"https:\/\/studio-aspeqt.com\/en\/author\/admin123dsa123\/\" \/><meta itemprop=\"name\" content=\"admin123dsa123\" \/><meta itemprop=\"url\" content=\"https:\/\/studio-aspeqt.com\/wp-content\/uploads\/2025\/02\/01-Dobra-Voda-LANDING-PAGE.jpg\" \/><meta itemprop=\"width\" content=\"2000\" \/><meta itemprop=\"height\" content=\"1333\" \/><meta itemprop=\"interactionType\" content=\"https:\/\/schema.org\/CommentAction\" \/><meta itemprop=\"userInteractionCount\" content=\"0\" \/>\t\n\t\t\t\t<a href=\"https:\/\/studio-aspeqt.com\/en\/archives\/1065\" title=\"Apart-hotel in Dobra Voda: Timeless Elegance on the Front Line by the Beach\"><\/a>\n\t\t\t\t<h3 itemprop=\"headline\">\n\t\t\t<a href=\"https:\/\/studio-aspeqt.com\/en\/archives\/1065\" title=\"Apart-hotel in Dobra Voda: Timeless Elegance on the Front Line by the Beach\">Apart-hotel in Dobra Voda: Timeless Elegance on the Front Line by the Beach<\/a>\n\t\t<\/h3>\n\t<meta itemscope itemprop=\"mainEntityOfPage\" itemtype=\"https:\/\/schema.org\/WebPage\" itemid=\"http:\/\/1070\" content=\"Stara \u010car\u0161ija - The Rebirth of the Old Town\" \/><meta itemprop=\"datePublished\" content=\"2025-02-09\" \/><meta itemprop=\"dateModified\" content=\"2025-03-26\" \/><meta itemprop=\"name\" content=\"Studio Aspeqt\"\/><meta itemprop=\"url\" content=\"https:\/\/studio-aspeqt.com\/wp-content\/uploads\/2024\/12\/aspeqt_logo-01.png\"\/><meta itemprop=\"url\" content=\"https:\/\/studio-aspeqt.com\/en\/author\/admin123dsa123\/\" \/><meta itemprop=\"name\" content=\"admin123dsa123\" \/><meta itemprop=\"url\" content=\"https:\/\/studio-aspeqt.com\/wp-content\/uploads\/2025\/02\/016-Stara-Carsija_ext.jpg\" \/><meta itemprop=\"width\" content=\"2000\" \/><meta itemprop=\"height\" content=\"1333\" \/><meta itemprop=\"interactionType\" content=\"https:\/\/schema.org\/CommentAction\" \/><meta itemprop=\"userInteractionCount\" content=\"0\" \/>\t\n\t\t\t\t<a href=\"https:\/\/studio-aspeqt.com\/en\/archives\/1070\" title=\"Stara \u010car\u0161ija - The Rebirth of the Old Town\"><\/a>\n\t\t\t\t<h3 itemprop=\"headline\">\n\t\t\t<a href=\"https:\/\/studio-aspeqt.com\/en\/archives\/1070\" title=\"Stara \u010car\u0161ija - The Rebirth of the Old Town\">Stara \u010car\u0161ija &#8211; The Rebirth of the Old Town<\/a>\n\t\t<\/h3>\n\t\t<!-- .pp-content-posts -->\n\t\t\t\t<img loading=\"lazy\" decoding=\"async\" src=\"https:\/\/studio-aspeqt.com\/wp-content\/uploads\/2024\/12\/Vision.png\" alt=\"Vision\" itemprop=\"image\" height=\"1000\" width=\"1000\" title=\"Vision\" onerror=\"this.style.display='none'\"  \/>\n\t<h1><strong>Designing the Future.<\/strong><\/h1>\n<h3>Our mission is to deliver architectural solutions that embody aesthetic value and economic sustainability. We strive to enhance the quality of life for our clients through architecture that meets their needs and reflects the spirit of time. <\/h3>\n<h3><a href=\"https:\/\/studio-aspeqt.com\/about\">About Us<\/a><\/h3>\n<h2>\n\t\tOur studio brings together talented architects from Montenegro, Germany, and Bosnia, creating a dynamic international environment that fosters creativity and innovation. Meet the key members of our team: \n\t<\/h2>\n\t\t\t\t<img loading=\"lazy\" decoding=\"async\" src=\"https:\/\/studio-aspeqt.com\/wp-content\/uploads\/2025\/01\/Enisa-Brcvak-scaled-e1737570055751.jpg\" alt=\"Enisa Brcvak\" itemprop=\"image\" height=\"998\" width=\"998\" title=\"Enisa Brcvak\" onerror=\"this.style.display='none'\"  \/>\n\t<h4><strong>Enisa Brcvak<\/strong><\/h4>\n\t\t\t\t<img loading=\"lazy\" decoding=\"async\" src=\"https:\/\/studio-aspeqt.com\/wp-content\/uploads\/2025\/01\/Mladen-Vuksanovic-scaled-e1737570343699.jpg\" alt=\"Mladen Vuksanovic\" itemprop=\"image\" height=\"998\" width=\"998\" title=\"Mladen Vuksanovic\" onerror=\"this.style.display='none'\"  \/>\n\t<h4><strong>Mladen Vuksanovic<\/strong><\/h4>\n\t\t\t\t<img loading=\"lazy\" decoding=\"async\" src=\"https:\/\/studio-aspeqt.com\/wp-content\/uploads\/2025\/02\/vecteezy_contacts-icon-vector-art-image-logo_21879239-1024x1024.jpg\" alt=\"vecteezy_contacts-icon-vector-art-image-logo_21879239\" itemprop=\"image\" height=\"1024\" width=\"1024\" title=\"vecteezy_contacts-icon-vector-art-image-logo_21879239\" onerror=\"this.style.display='none'\"  \/>\n\t<h4>Osme Nadarevic<\/h4>\n\t<h1>Great ideas start with a conversation-contact us.<\/h1>\n<form>\n\t<input type=\"hidden\" name=\"fl-layout-id\" value=\"1028\" \/>\n    \t\t<label for=\"pp-name-\">Name<\/label>\n    \t\tPlease enter your name.\n    \t\t<input type=\"text\" name=\"pp-name\" id=\"pp-name-\" value=\"\" placeholder=\"Name\"  \/>\n    \t\t<label for=\"pp-email-\">E-mail<\/label>\n    \t\tPlease enter a valid email address.\n    \t\t<input type=\"email\" name=\"pp-email\" id=\"pp-email-\" value=\"\" placeholder=\"E-mail\"  \/>\n    \t\t<label for=\"pp-message-\">Message<\/label>\n    \t\tPlease type your message.\n    \t\t<textarea name=\"pp-message\" id=\"pp-message-\" placeholder=\"Message\"><\/textarea>\n    \t<a href=\"#\" target=\"_self\" role=\"button\">\n    \t\t    \t\t    \t\tSend\n    \t\t    \t<\/a>\n\t\t\tMessage failed. Please try again.\n<\/form>\n  <p>Thank you for your message! We will contact you soon.<\/p>\n\t\t\t<video src=\"https:\/\/studio-aspeqt.com\/wp-content\/uploads\/2025\/01\/ASPEQT-VIDEO.mp4\" autoplay=\"\" webkit-playsinline=\"\" playsinline=\"\" loop=\"\" controls=\"\" muted=\"muted\" controlsList=\"nodownload\" poster=\"https:\/\/studio-aspeqt.com\/wp-content\/uploads\/2024\/12\/Join-our-team-1024x575.jpg\" preload=\"none\"><\/video>\n\t<h1><strong>Are you a visionary architect with a passion for innovation?<\/strong><\/h1>\n\t<h1>Join our dynamic Aspeqt team and be part of creating spaces that will shape our environment for generations to come.<\/h1>\n\n","protected":false},"excerpt":{"rendered":"<p>Featured &#8220;Stara \u010car\u0161ija&#8221; Residential Hospitality Commercial Interiors&#8221; Bijelo Polje, Children&#8217;s Department<\/p>\n","protected":false},"author":1,"featured_media":0,"parent":0,"menu_order":0,"comment_status":"closed","ping_status":"closed","template":"","meta":{"footnotes":""},"class_list":["post-1028","page","type-page","status-publish","hentry"],"_links":{"self":[{"href":"https:\/\/studio-aspeqt.com\/en\/wp-json\/wp\/v2\/pages\/1028","targetHints":{"allow":["GET"]}}],"collection":[{"href":"https:\/\/studio-aspeqt.com\/en\/wp-json\/wp\/v2\/pages"}],"about":[{"href":"https:\/\/studio-aspeqt.com\/en\/wp-json\/wp\/v2\/types\/page"}],"author":[{"embeddable":true,"href":"https:\/\/studio-aspeqt.com\/en\/wp-json\/wp\/v2\/users\/1"}],"replies":[{"embeddable":true,"href":"https:\/\/studio-aspeqt.com\/en\/wp-json\/wp\/v2\/comments?post=1028"}],"version-history":[{"count":3,"href":"https:\/\/studio-aspeqt.com\/en\/wp-json\/wp\/v2\/pages\/1028\/revisions"}],"predecessor-version":[{"id":1108,"href":"https:\/\/studio-aspeqt.com\/en\/wp-json\/wp\/v2\/pages\/1028\/revisions\/1108"}],"wp:attachment":[{"href":"https:\/\/studio-aspeqt.com\/en\/wp-json\/wp\/v2\/media?parent=1028"}],"curies":[{"name":"wp","href":"https:\/\/api.w.org\/{rel}","templated":true}]}}